{"id":22414,"date":"2019-04-05T13:58:25","date_gmt":"2019-04-05T11:58:25","guid":{"rendered":"https:\/\/jobzone.se\/nasze-biura\/"},"modified":"2019-04-05T13:58:25","modified_gmt":"2019-04-05T11:58:25","slug":"nasze-biura","status":"publish","type":"page","link":"https:\/\/jobzone.se\/pl\/nasze-biura\/","title":{"rendered":"Nasze biura"},"content":{"rendered":"<p><\/p>\n<h1 class=\"gen-page-title\">Kontakt<\/h1>\n<p><\/p>\n<p><\/p>\n<p><\/p>\n<h2>Jobzone Szwecja<\/h2>\n<div class=\"gen-find-us-column\"><\/div>\n<div class=\"gen-info-column-wrap\">\n<div class=\"gen-column\">\n<div class=\"gen-column-info-wrapper\">\n<div class=\"gen-image\" style=\"background-image: url('https:\/\/jobzone.bueno.se\/wp-content\/uploads\/11-sv-e1550673149377.jpg'); background-repeat: no-repeat;\"><\/div>\n<div class=\"gen-info-wrapper\">\n<p><strong>Mathias H\u00e4renstam<\/strong><\/p>\n<p class=\"gen-duty\">Dyrektor generalny<\/p>\n<p class=\"gen-tel\"><a href=\"Tel:+46%2073%20417%2075%2004\">+46 73 417 75 04<\/a><\/p>\n<p class=\"gen-mail\"><a href=\"mailto:mathias.harenstam@jobzone.se\">mathias.harenstam@jobzone.se<\/a><\/p>\n<\/div>\n<\/div>\n<div class=\"gen-column-info-wrapper\">\n<div class=\"gen-image\" style=\"background-image: url('https:\/\/jobzone.bueno.se\/wp-content\/uploads\/FredrikAgren.jpg'); background-repeat: no-repeat;\"><\/div>\n<div class=\"gen-info-wrapper\">\n<p><strong>Fredrik \u00c5gren<\/strong><\/p>\n<p class=\"gen-duty\">Kierownik ds. zasob\u00f3w ludzkich<\/p>\n<p class=\"gen-tel\"><a href=\"tel:+46707788342\">+46 70 77 88 342<\/a><\/p>\n<p class=\"gen-mail\"><a href=\"mailto:fredrik.agren@jobzone.se\">fredrik.agren@jobzone.se<\/a><\/p>\n<\/div>\n<\/div>\n<div class=\"gen-column-info-wrapper\">\n<div class=\"gen-image\" style=\"background-image: url('https:\/\/jobzone.bueno.se\/wp-content\/uploads\/jz-kjell.png'); background-repeat: no-repeat;\"><\/div>\n<div class=\"gen-info-wrapper\">\n<p><strong>Kjell Saeter<\/strong><\/p>\n<p class=\"gen-duty\">Cfo<\/p>\n<p class=\"gen-tel\"><a href=\"tel:+46733569700\">+46 73 35 69 700<\/a><\/p>\n<p class=\"gen-mail\"><a href=\"mailto:kjell.saeter@jobzone.se\">kjell.saeter@jobzone.se<\/a><\/p>\n<\/div>\n<\/div>\n<div class=\"gen-column-info-wrapper\">\n<div class=\"gen-image\" style=\"background-image: url('https:\/\/jobzone.bueno.se\/wp-content\/uploads\/kvadrat-potr\u00e4tt-sirinya-e1540914271513.jpeg'); background-repeat: no-repeat;\"><\/div>\n<div class=\"gen-info-wrapper\">\n<p><strong>Sirinya Sumhiran<\/strong><\/p>\n<p class=\"gen-duty\">Mened\u017cer ds. do\u015bwiadcze\u0144<\/p>\n<p class=\"gen-tel\"><a href=\"tel:+46701678511\">+46 70 167 85 11<\/a><\/p>\n<p class=\"gen-mail\"><a href=\"mailto:sirinya.sumhiran@jobzone.se\">sirinya.sumhiran@jobzone.se<\/a><\/p>\n<\/div>\n<\/div>\n<div class=\"gen-column-info-wrapper\">\n<div class=\"gen-image\" style=\"background-image: url('https:\/\/jobzone.bueno.se\/wp-content\/uploads\/David_Soderstedt_Svartvit.jpg'); background-repeat: no-repeat;\"><\/div>\n<div class=\"gen-info-wrapper\">\n<p><strong>Davida S\u00f6derstedta<\/strong><\/p>\n<p class=\"gen-duty\">Mened\u017cer systemu i szkole\u0144<\/p>\n<p class=\"gen-tel\"><a href=\"tel:+46707788844\">+46 70 16 78 510<\/a><\/p>\n<p class=\"gen-mail\"><a href=\"mailto:David.soderstedt@jobzone.se\">David.soderstedt@jobzone.se<\/a><\/p>\n<\/div>\n<\/div>\n<\/div>\n<div class=\"gen-column\">\n<div class=\"gen-column-info-wrapper\">\n<div class=\"gen-image\" style=\"background-image: url('https:\/\/jobzone.bueno.se\/wp-content\/uploads\/Rolf-Smeds2-Jobzone-Sverige.jpg'); background-repeat: no-repeat;\"><\/div>\n<div class=\"gen-info-wrapper\">\n<p><strong>Rolf Smeds<\/strong><\/p>\n<p class=\"gen-duty\">Zast\u0119pca Dyrektora Generalnego<\/p>\n<p class=\"gen-tel\"><a href=\"tel:+46707788335\">+46 70 7788335<\/a><\/p>\n<p class=\"gen-mail\"><a href=\"mailto:rolf.smeds@jobzone.se\">rolf.smeds@jobzone.se<\/a><\/p>\n<\/div>\n<\/div>\n<div class=\"gen-column-info-wrapper\">\n<div class=\"gen-image\" style=\"background-image: url('https:\/\/jobzone.bueno.se\/wp-content\/uploads\/JorgenFalk.jpg'); background-repeat: no-repeat;\"><\/div>\n<div class=\"gen-info-wrapper\">\n<p><strong>J\u00f6rgen Falk<\/strong><\/p>\n<p class=\"gen-duty\">Sprzeda\u017c<\/p>\n<p class=\"gen-tel\"><a href=\"tel:+46701678538\">+46 70 1678538<\/a><\/p>\n<p class=\"gen-mail\"><a href=\"mailto:jorgen.falk@jobzone.se\">jorgen.falk@jobzone.se<\/a><\/p>\n<\/div>\n<\/div>\n<div class=\"gen-column-info-wrapper\">\n<div class=\"gen-image\" style=\"background-image: url('https:\/\/jobzone.bueno.se\/wp-content\/uploads\/katarina-e1488798866851.jpg');\"><\/div>\n<div class=\"gen-info-wrapper\">\n<p><strong>Katarina Nevenius<\/strong><\/p>\n<p class=\"gen-duty\">Kierownik Biura<\/p>\n<p class=\"gen-tel\"><a href=\"tel:+46701678514\">+46 70 167 85 14<\/a><\/p>\n<p class=\"gen-mail\"><a href=\"mailto:katarina.nevenius@jobzone.se\">katarina.nevenius@jobzone.se<\/a><\/p>\n<\/div>\n<\/div>\n<div class=\"gen-column-info-wrapper\">\n<div class=\"gen-image\" style=\"background-image: url('https:\/\/jobzone.bueno.se\/wp-content\/uploads\/Jobzone_180222_02.jpg');\"><\/div>\n<div class=\"gen-info-wrapper\">\n<p><strong>Anette Wedar<\/strong><\/p>\n<p class=\"gen-duty\">Asystent finansowy<\/p>\n<p class=\"gen-tel\"><a href=\"tel:+46701678502\">+46 70 16 78 502<\/a><\/p>\n<p class=\"gen-mail\"><a href=\"mailto:Anette.wedar@jobzone.se\">Anette.wedar@jobzone.se<\/a><\/p>\n<\/div>\n<\/div>\n<\/div>\n<\/div>\n<p><\/p>\n<h2>Jobzone Sztokholm<\/h2>\n<div class=\"gen-find-us-column\"><\/div>\n<div class=\"gen-info-column-wrap\">\n<div class=\"gen-column\">\n<div class=\"gen-column-info-wrapper\">\n<div class=\"gen-image\" style=\"background-image: url('https:\/\/jobzone.bueno.se\/wp-content\/uploads\/5-sv-e1550673710359.jpg'); background-repeat: no-repeat;\"><\/div>\n<div class=\"gen-info-wrapper\">\n<p><strong>Inga-Lil Payne<\/strong><\/p>\n<p class=\"gen-duty\">Partner<br \/>\nZarz\u0105dzaj\u0105cy Jobzone Sztokholm<\/p>\n<p class=\"gen-tel\"><a href=\"tel:+46704249162\">+46 70 424 91 62<\/a><\/p>\n<p class=\"gen-mail\"><a href=\"mailto:inga-lill.payne@jobzone.se\">inga-lill@jobzone.se<\/a><\/p>\n<\/div>\n<\/div>\n<div class=\"gen-column-info-wrapper\">\n<div class=\"gen-image\" style=\"background-image: url('https:\/\/jobzone.bueno.se\/wp-content\/uploads\/Pierre-Andersson-\u2013-Partner-JZ-Sthlm.jpg'); background-repeat: no-repeat;\"><\/div>\n<div class=\"gen-info-wrapper\">\n<p><strong>Pierre&#8217;a Anderssona<\/strong><\/p>\n<p class=\"gen-duty\">Partner<br \/>\nRecykling i Transport Budowlany<\/p>\n<p class=\"gen-tel\"><a href=\"tel:+46707788312\">+46 70 77 88 312<\/a><\/p>\n<p class=\"gen-mail\"><a href=\"mailto:pierre.andersson@jobzone.se\">pierre.andersson@jobzone.se<\/a><\/p>\n<\/div>\n<\/div>\n<div class=\"gen-column-info-wrapper\">\n<div class=\"gen-image\" style=\"background-image: url('https:\/\/jobzone.bueno.se\/wp-content\/uploads\/Tove_avertyd-_thumb.jpg'); background-repeat: no-repeat;\"><\/div>\n<div class=\"gen-info-wrapper\">\n<p><strong>Tove Hahnsson<\/strong><\/p>\n<p class=\"gen-duty\">Us\u0142ugi Partner<br \/>\nBussines<\/p>\n<p class=\"gen-tel\"><a href=\"tel:+46707788354\">+46 70 77 88 354<\/a><\/p>\n<p class=\"gen-mail\"><a href=\"mailto:tove.hahnsson@jobzone.se\">tove.hahnsson@jobzone.se<\/a><\/p>\n<\/div>\n<\/div>\n<\/div>\n<div class=\"gen-column\">\n<div class=\"gen-column-info-wrapper\">\n<div class=\"gen-image\" style=\"background-image: url('https:\/\/jobzone.bueno.se\/wp-content\/uploads\/Albert-Zeka-\u2013-Partner-JZ-Sthlm-kopia.jpg'); background-repeat: no-repeat;\"><\/div>\n<div class=\"gen-info-wrapper\">\n<p><strong>Albert Zeka<\/strong><\/p>\n<p class=\"gen-duty\">Magazyn partnerski<br \/>\n\/ Logistyka<\/p>\n<p class=\"gen-tel\"><a href=\"tel:+46707788847\">+46 70 77 88 847<\/a><\/p>\n<p class=\"gen-mail\"><a href=\"mailto:albert.zeka@jobzone.se\">albert.zeka@jobzone.se<\/a><\/p>\n<\/div>\n<\/div>\n<div class=\"gen-column-info-wrapper\">\n<div class=\"gen-image\" style=\"background-image: url('https:\/\/jobzone.bueno.se\/wp-content\/uploads\/Jens-Ingerlund-Partner-Sthlm-kopia.jpg'); background-repeat: no-repeat;\"><\/div>\n<div class=\"gen-info-wrapper\">\n<p><strong>Jens Ingerlund<\/strong><\/p>\n<p class=\"gen-duty\">Us\u0142ugi dla Partner\u00f3w<br \/>\nFacility<\/p>\n<p class=\"gen-tel\"><a href=\"tel:+46733599551\">+46 73 35 99 551<\/a><\/p>\n<p class=\"gen-mail\"><a href=\"mailto:jens.ingerlund@jobzone.se\">jens.ingerlund@jobzone.se<\/a><\/p>\n<\/div>\n<\/div>\n<div class=\"gen-column-info-wrapper\">\n<div class=\"gen-image\" style=\"background-image: url('https:\/\/jobzone.bueno.se\/wp-content\/uploads\/HenrikHagglund.jpg'); background-repeat: no-repeat;\"><\/div>\n<div class=\"gen-info-wrapper\">\n<p><strong>Henrik H\u00e4gglund<\/strong><\/p>\n<p class=\"gen-duty\">Partner<br \/>\nTransport\/\u017bywno\u015b\u0107<\/p>\n<p class=\"gen-tel\"><a href=\"tel:+46707787348\">+46 70 77 87 348<\/a><\/p>\n<p class=\"gen-mail\"><a href=\"mailto:henrik.hagglund@jobzone.se\">henrik.hagglund@jobzone.se<\/a><\/p>\n<\/div>\n<\/div>\n<div class=\"gen-column-info-wrapper\">\n<div class=\"gen-image\" style=\"background-image: url('https:\/\/jobzone.bueno.se\/wp-content\/uploads\/Jobzone_180222_34.jpg'); background-repeat: no-repeat;\"><\/div>\n<div class=\"gen-info-wrapper\">\n<p><strong>Piotr Dangovanos<\/strong><\/p>\n<p class=\"gen-duty\">Magazyn partnerski<br \/>\n, sklep i sprzeda\u017c<\/p>\n<p class=\"gen-tel\"><a href=\"tel:+46733599556\">+46 73 35 99 556<\/a><\/p>\n<p class=\"gen-mail\"><a href=\"mailto:peter.dangovanos@jobzone.se\">peter.dangovanos@jobzone.se<\/a><\/p>\n<\/div>\n<\/div>\n<div class=\"gen-column-info-wrapper\">\n<div class=\"gen-image\" style=\"background-image: url('https:\/\/jobzone.bueno.se\/wp-content\/uploads\/firas-dakkak-Jobzone-stockholm.jpg'); background-repeat: no-repeat;\"><\/div>\n<div class=\"gen-info-wrapper\">\n<p><strong>Firas Dakkak<\/strong><\/p>\n<p class=\"gen-duty\">Transport partnerski<br \/>\n\/drobnicowy<\/p>\n<p class=\"gen-tel\"><a href=\"tel:+46707788846\">+46 70 7788846<\/a><\/p>\n<p class=\"gen-mail\"><a href=\"mailto:firas.dakkak@jobzone.se\">firas.dakkak@jobzone.se<\/a><\/p>\n<\/div>\n<\/div>\n<div class=\"gen-column-info-wrapper\">\n<div class=\"gen-image\" style=\"background-image: url('https:\/\/jobzone.bueno.se\/wp-content\/uploads\/DSC_8564-e1540983587119.png'); background-repeat: no-repeat;\"><\/div>\n<div class=\"gen-info-wrapper\">\n<p><strong>Katariny Crohn<\/strong><\/p>\n<p class=\"gen-duty\">Mened\u017cer klienta i pracownika<br \/>\nZawieranie um\u00f3w<\/p>\n<p class=\"gen-tel\"><a href=\"tel:+46707788340\">+46 70 77 88 340<\/a><\/p>\n<p class=\"gen-mail\"><a href=\"mailto:katarina.crohns@jobzone.se\">katarina.crohns@jobzone.se<\/a><\/p>\n<\/div>\n<\/div>\n<div class=\"gen-column-info-wrapper\">\n<div class=\"gen-image\" style=\"background-image: url('https:\/\/jobzone.bueno.se\/wp-content\/uploads\/Ann-Christine-svartvit-e1540912418145.png'); background-repeat: no-repeat;\"><\/div>\n<div class=\"gen-info-wrapper\">\n<p><strong>Anna-Krystyna Larsson<\/strong><\/p>\n<p class=\"gen-duty\">Koordynator ds. Rekrutacji<br \/>\nTransport<\/p>\n<p class=\"gen-tel\"><a href=\"tel:+46701678506\">+46 70 167 85 06<\/a><\/p>\n<p class=\"gen-mail\"><a href=\"mailto:ann-christine.larsson@jobzone.se\">ann-cheistine.larsson@jobzone.se<\/a><\/p>\n<\/div>\n<\/div>\n<div class=\"gen-column-info-wrapper\">\n<div class=\"gen-image\" style=\"background-image: url('https:\/\/jobzone.bueno.se\/wp-content\/uploads\/fredrik-ljungar3-Jobzone-stockholm.jpg'); background-repeat: no-repeat;\"><\/div>\n<div class=\"gen-info-wrapper\">\n<p><strong>Fredrik Ljungar<\/strong><\/p>\n<p class=\"gen-duty\">Partner<br \/>\nPrzemys\u0142 i Produkcja<\/p>\n<p class=\"gen-tel\"><a href=\"tel:+46701678503\">+46 70 16 78 503<\/a><\/p>\n<p class=\"gen-mail\"><a href=\"mailto:fredrik.ljungar@jobzone.se\">fredrik.ljungar@jobzone.se<\/a><\/p>\n<\/div>\n<\/div>\n<div class=\"gen-column-info-wrapper\">\n<div class=\"gen-image\" style=\"background-image: url(''); background-repeat: no-repeat;\"><\/div>\n<div class=\"gen-info-wrapper\">\n<p><strong>Ann-Catrine Heidmark<\/strong><\/p>\n<p class=\"gen-duty\">Kierownik<br \/>\nRegionalny ds. Us\u0142ug Biznesowych w Strefie Pracy<\/p>\n<p class=\"gen-tel\"><a href=\"tel:+46739888885\">+46 73 988 88 85<\/a><\/p>\n<p class=\"gen-mail\"><a href=\"mailto:ann-catrine.heidmark@jobzone.se\">ann-catrine.heidmark@jobzone.se<\/a><\/p>\n<\/div>\n<\/div>\n<div class=\"gen-column-info-wrapper\">\n<div class=\"gen-image\" style=\"background-image: url('https:\/\/jobzone.bueno.se\/wp-content\/uploads\/8-sv-e1550676211392.jpg'); background-repeat: no-repeat;\"><\/div>\n<div class=\"gen-info-wrapper\">\n<p><strong>Lina M\u00e5rtensson<\/strong><\/p>\n<p class=\"gen-duty\">Rekruter<br \/>\nUs\u0142ugi biznesowe Jobzone<\/p>\n<p class=\"gen-tel\"><a href=\"tel:+46760909430\">+46 76 090 94 30<\/a><\/p>\n<p class=\"gen-mail\"><a href=\"mailto:lina.martensson@jobzone.se\">lina.martensson@jobzone.se<\/a><\/p>\n<\/div>\n<\/div>\n<\/div>\n<\/div>\n<p class=\"description\">\n<\/p><\/div>\n<p> <!-- .et-pb-option-container --><\/p>\n<p><\/p>\n<h2>Jobzone Construction &amp; Construction Sztokholm<\/h2>\n<div class=\"gen-find-us-column\"><\/div>\n<div class=\"gen-info-column-wrap\">\n<div class=\"gen-column\">\n<div class=\"gen-column-info-wrapper\">\n<div class=\"gen-image\" style=\"background-image: url('https:\/\/jobzone.bueno.se\/wp-content\/uploads\/stefan4.jpg'); background-repeat: no-repeat;\"><\/div>\n<div class=\"gen-info-wrapper\">\n<p><strong>Stefana Qwicka<\/strong><\/p>\n<p class=\"gen-duty\">Kierownik<br \/>\nObszaru Biznesowego Budownictwa i In\u017cynierii L\u0105dowej<\/p>\n<p class=\"gen-tel\"><a href=\"tel:+46701678521\">+46 70 16 78 821<\/a><\/p>\n<p class=\"gen-mail\"><a href=\"mailto:stefan.qwick@jobzone.se\">stefan.qwick@jobzone.se<\/a><\/p>\n<\/div>\n<\/div>\n<div class=\"gen-column-info-wrapper\">\n<div class=\"gen-image\" style=\"background-image: url('https:\/\/jobzone.bueno.se\/wp-content\/uploads\/DSC_8581-e1540912051744.png'); background-repeat: no-repeat;\"><\/div>\n<div class=\"gen-info-wrapper\">\n<p><strong>Hanna Morais<\/strong><\/p>\n<p class=\"gen-duty\">Administrator ds. zasob\u00f3w ludzkich, Budownictwo<br \/>\ni budownictwo<\/p>\n<p class=\"gen-tel\"><a href=\"tel:+46707788844\">+46 70 77 88 844<\/a><\/p>\n<p class=\"gen-mail\"><a href=\"mailto:hanna.morais@jobzone.se\">hanna.morais@jobzone.se<\/a><\/p>\n<\/div>\n<\/div>\n<\/div>\n<\/div>\n<p><\/p>\n<h2>Strefa pracy J\u00f6nk\u00f6ping<\/h2>\n<div class=\"gen-find-us-column\"><\/div>\n<div class=\"gen-info-column-wrap\">\n<div class=\"gen-column\">\n<div class=\"gen-column-info-wrapper\">\n<div class=\"gen-image\" style=\"background-image: url('https:\/\/jobzone.bueno.se\/wp-content\/uploads\/stefan1.jpg'); background-repeat: no-repeat;\"><\/div>\n<div class=\"gen-info-wrapper\">\n<p><strong>Stefana Qwicka<\/strong><\/p>\n<p class=\"gen-duty\">Kierownik regionalny J\u00f6nk\u00f6ping County<\/p>\n<p class=\"gen-tel\"><a href=\"tel:+46701678521\">+46 70 1678521<\/a><\/p>\n<p class=\"gen-mail\"><a href=\"mailto:stefan.qwick@jobzone.se\">stefan.qwick@jobzone.se<\/a><\/p>\n<\/div>\n<\/div>\n<div class=\"gen-column-info-wrapper\">\n<div class=\"gen-image\" style=\"background-image: url('https:\/\/jobzone.bueno.se\/wp-content\/uploads\/justina-e1488798911779.jpg'); background-repeat: no-repeat;\"><\/div>\n<div class=\"gen-info-wrapper\">\n<p><strong>Justyna Velin<\/strong><\/p>\n<p class=\"gen-duty\">Kierownik ds. zasob\u00f3w ludzkich<\/p>\n<p class=\"gen-tel\"><a href=\"tel:+46707788842\">+46 70 778 88 42<\/a><\/p>\n<p class=\"gen-mail\"><a href=\"mailto:justina.velin@jobzone.se\">justina.velin@jobzone.se<\/a><\/p>\n<\/div>\n<\/div>\n<div class=\"gen-column-info-wrapper\">\n<div class=\"gen-image\" style=\"background-image: url(''''); background-repeat: no-repeat;\"><\/div>\n<div class=\"gen-info-wrapper\">\n<p><strong>Aleksandra M\u00f6llerstr\u00f6m<\/strong><\/p>\n<p class=\"gen-duty\">Asystent ds. zasob\u00f3w ludzkich<\/p>\n<p class=\"gen-tel\"><a href=\"tel:+46707788339\">+46 70 77 88 339<\/a><\/p>\n<p class=\"gen-mail\"><a href=\"mailto:aleksandra.mollerstrom@jobzone.se\">aleksandra.mollerstrom@jobzone.se<\/a><\/p>\n<\/div>\n<\/div>\n<div class=\"gen-column-info-wrapper\">\n<div class=\"gen-image\" style=\"background-image: url('https:\/\/jobzone.bueno.se\/wp-content\/uploads\/DSC_8670-e1540974459572.png'); background-repeat: no-repeat;\"><\/div>\n<div class=\"gen-info-wrapper\">\n<p><strong>Izabela Johansson<\/strong><\/p>\n<p class=\"gen-duty\">Asystent ds. zasob\u00f3w ludzkich<\/p>\n<p class=\"gen-tel\"><a href=\"tel:+46734475093\">+46 73 44 75 093<\/a><\/p>\n<p class=\"gen-mail\"><a href=\"mailto:isabella.johansson@jobzone.se\">isabella.johansson@jobzone.se<\/a><\/p>\n<\/div>\n<\/div>\n<\/div>\n<\/div>\n<p><\/p>\n<h2>Jobzone Nyk\u00f6ping<\/h2>\n<div class=\"gen-find-us-column\"><\/div>\n<div class=\"gen-info-column-wrap\">\n<div class=\"gen-column\">\n<div class=\"gen-column-info-wrapper\">\n<div class=\"gen-image\" style=\"background-image: url('https:\/\/jobzone.bueno.se\/wp-content\/uploads\/Andreas_Jildengran_svartvit.jpg'); background-repeat: no-repeat;\"><\/div>\n<div class=\"gen-info-wrapper\">\n<p><strong>Andreas Jildengran<\/strong><\/p>\n<p class=\"gen-duty\">Mened\u017cer ds. Klient\u00f3w i Pracownik\u00f3w<\/p>\n<p class=\"gen-tel\"><a href=\"tel:+46736393393\">+46 73 639 33 93<\/a><\/p>\n<p class=\"gen-mail\"><a href=\"mailto:andreas.jildengran@jobzone.se\">andreas.jildengran@jobzone.se<\/a><\/p>\n<\/div>\n<\/div>\n<div class=\"gen-column-info-wrapper\">\n<div class=\"gen-image\" style=\"background-image: url('https:\/\/jobzone.bueno.se\/wp-content\/uploads\/6-sv-e1550673889882.jpg'); background-repeat: no-repeat;\"><\/div>\n<div class=\"gen-info-wrapper\">\n<p><strong>Tobiasz Pillai<\/strong><\/p>\n<p class=\"gen-duty\">Mened\u017cer ds. Klient\u00f3w i Pracownik\u00f3w<\/p>\n<p class=\"gen-tel\"><a href=\"tel:+46722518150\">+46 72 251 81 50<\/a><\/p>\n<p class=\"gen-mail\"><a href=\"mailto:tobias.pillai@jobzone.se\">tobias.pillai@jobzone.se<\/a><\/p>\n<\/div>\n<\/div>\n<\/div>\n<\/div>\n<p><\/p>\n<h2>Jobzone Norrk\u00f6ping<\/h2>\n<div class=\"gen-find-us-column\"><\/div>\n<div class=\"gen-info-column-wrap\">\n<div class=\"gen-column\">\n<div class=\"gen-column-info-wrapper\">\n<div class=\"gen-image\" style=\"background-image: url('https:\/\/jobzone.bueno.se\/wp-content\/uploads\/13-sv-e1550674946276.jpg'); background-repeat: no-repeat;\"><\/div>\n<div class=\"gen-info-wrapper\">\n<p><strong>Marka Somandera<\/strong><\/p>\n<p class=\"gen-duty\">Kierownik Regionalny<\/p>\n<p class=\"gen-tel\"><a href=\"tel:+46708343794\">+46 70 83 43 794<\/a><\/p>\n<p class=\"gen-mail\"><a href=\"mailto:mark.somander@jobzone.se\">mark.somander@jobzone.se<\/a><\/p>\n<\/div>\n<\/div>\n<div class=\"gen-column-info-wrapper\">\n<div class=\"gen-image\" style=\"background-image: url('https:\/\/jobzone.bueno.se\/wp-content\/uploads\/1-sv-halv-e1550675124591.jpg'); background-repeat: no-repeat;\"><\/div>\n<div class=\"gen-info-wrapper\">\n<p><strong>Erica Malmqvist<\/strong><\/p>\n<p class=\"gen-duty\">Kierownik ds. zasob\u00f3w ludzkich<\/p>\n<p class=\"gen-tel\"><a href=\"tel:+46731439957\">+46 73 143 99 57<\/a><\/p>\n<p class=\"gen-mail\"><a href=\"mailto:erica.malmqvist@jobzone.se\">erica.malmqvist@jobzone.se<\/a><\/p>\n<\/div>\n<\/div>\n<\/div>\n<\/div>\n<p><\/p>\n<h2>Jobzone Str\u00e4ngn\u00e4s<\/h2>\n<div class=\"gen-find-us-column\"><\/div>\n<div class=\"gen-info-column-wrap\">\n<div class=\"gen-column\">\n<div class=\"gen-column-info-wrapper\">\n<div class=\"gen-image\" style=\"background-image: url('https:\/\/jobzone.bueno.se\/wp-content\/uploads\/Andreas_Jildengran_svartvit.jpg'); background-repeat: no-repeat;\"><\/div>\n<div class=\"gen-info-wrapper\">\n<p><strong>Andreas Jildengran<\/strong><\/p>\n<p class=\"gen-duty\">Mened\u017cer ds. Klient\u00f3w i Pracownik\u00f3w<\/p>\n<p class=\"gen-tel\"><a href=\"tel:+46736393393\">+46 73 639 33 93<\/a><\/p>\n<p class=\"gen-mail\"><a href=\"mailto:andreas.jildengran@jobzone.se\">andreas.jildengran@jobzone.se<\/a><\/p>\n<\/div>\n<\/div>\n<div class=\"gen-column-info-wrapper\">\n<div class=\"gen-image\" style=\"background-image: url('https:\/\/jobzone.bueno.se\/wp-content\/uploads\/6-sv-e1550673889882.jpg'); background-repeat: no-repeat;\"><\/div>\n<div class=\"gen-info-wrapper\">\n<p><strong>Tobiasz Pillai<\/strong><\/p>\n<p class=\"gen-duty\">Mened\u017cer ds. Klient\u00f3w i Pracownik\u00f3w<\/p>\n<p class=\"gen-tel\"><a href=\"tel:+46722518150\">+46 72 251 81 50<\/a><\/p>\n<p class=\"gen-mail\"><a href=\"mailto:tobias.pillai@jobzone.se\">tobias.pillai@jobzone.se<\/a><\/p>\n<\/div>\n<\/div>\n<\/div>\n<\/div>\n<p><\/p>\n<h2>Jobzone S\u00f6dert\u00e4lje<\/h2>\n<div class=\"gen-find-us-column\"><\/div>\n<div class=\"gen-info-column-wrap\">\n<div class=\"gen-column\">\n<div class=\"gen-column-info-wrapper\">\n<div class=\"gen-image\" style=\"background-image: url('https:\/\/jobzone.bueno.se\/wp-content\/uploads\/Andreas_Jildengran_svartvit.jpg'); background-repeat: no-repeat;\"><\/div>\n<div class=\"gen-info-wrapper\">\n<p><strong>Andreas Jildengran<\/strong><\/p>\n<p class=\"gen-duty\">Mened\u017cer ds. Klient\u00f3w i Pracownik\u00f3w<\/p>\n<p class=\"gen-tel\"><a href=\"tel:+46736393393\">+46 73 639 33 93<\/a><\/p>\n<p class=\"gen-mail\"><a href=\"mailto:andreas.jildengran@jobzone.se\">andreas.jildengran@jobzone.se<\/a><\/p>\n<\/div>\n<\/div>\n<div class=\"gen-column-info-wrapper\">\n<div class=\"gen-image\" style=\"background-image: url('https:\/\/jobzone.bueno.se\/wp-content\/uploads\/6-sv-e1550673889882.jpg'); background-repeat: no-repeat;\"><\/div>\n<div class=\"gen-info-wrapper\">\n<p><strong>Tobiasz Pillai<\/strong><\/p>\n<p class=\"gen-duty\">Mened\u017cer ds. Klient\u00f3w i Pracownik\u00f3w<\/p>\n<p class=\"gen-tel\"><a href=\"tel:+46722518150\">+46 72 251 81 50<\/a><\/p>\n<p class=\"gen-mail\"><a href=\"mailto:tobias.pillai@jobzone.se\">tobias.pillai@jobzone.se<\/a><\/p>\n<\/div>\n<\/div>\n<\/div>\n<\/div>\n<p><\/p>\n<h2>Jobzone V\u00e4ster\u00e5s<\/h2>\n<div class=\"gen-find-us-column\"><\/div>\n<div class=\"gen-info-column-wrap\">\n<div class=\"gen-column\">\n<div class=\"gen-column-info-wrapper\">\n<div class=\"gen-image\" style=\"background-image: url('https:\/\/jobzone.bueno.se\/wp-content\/uploads\/Alexander-Weman-Partner-JZ-Sthlm_thumb.jpg'); background-repeat: no-repeat;\"><\/div>\n<div class=\"gen-info-wrapper\">\n<p><strong>Aleksandra Wemana<\/strong><\/p>\n<p class=\"gen-duty\">Partner\/Kierownik Biura<\/p>\n<p class=\"gen-tel\"><a href=\"tel:+46724027200\">+46 72 402 72 00<\/a><\/p>\n<p class=\"gen-mail\"><a href=\"mailto:alexander.weman@jobzone.se\">alexander.weman@jobzone.se<\/a><\/p>\n<\/div>\n<\/div>\n<\/div>\n<div class=\"gen-column\">\n<div class=\"gen-column-info-wrapper\">\n<div class=\"gen-image\" style=\"background-image: url('https:\/\/jobzone.bueno.se\/wp-content\/uploads\/ronnie_lidberg-_thumb.jpg'); background-repeat: no-repeat;\"><\/div>\n<div class=\"gen-info-wrapper\">\n<p><strong>Ronniego Lidberga<\/strong><\/p>\n<p class=\"gen-duty\">Wsp\u00f3lnik<\/p>\n<p class=\"gen-tel\"><a href=\"tel:+46724027201\">+46 72 402 72 01<\/a><\/p>\n<p class=\"gen-mail\"><a href=\"mailto:ronnie.lidberg@jobzone.se\">ronnie.lidberg@jobzone.se<\/a><\/p>\n<\/div>\n<\/div>\n<\/div>\n<\/div>\n<p><\/p>\n","protected":false},"excerpt":{"rendered":"<p>Kontakt Jobzone Szwecja Mathias H\u00e4renstam Dyrektor generalny +46 73 417 75 04 mathias.harenstam@jobzone.se Fredrik \u00c5gren Kierownik ds. zasob\u00f3w ludzkich +46 70 77 88 342 fredrik.agren@jobzone.se Kjell Saeter Cfo +46 73 35 69 700 kjell.saeter@jobzone.se Sirinya Sumhiran Mened\u017cer ds. do\u015bwiadcze\u0144 +46 70 167 85 11 sirinya.sumhiran@jobzone.se Davida S\u00f6derstedta Mened\u017cer systemu i szkole\u0144 +46 70 16 78 510 David.soderstedt@jobzone.se Rolf Smeds Zast\u0119pca [&hellip;]<\/p>\n","protected":false},"author":17,"featured_media":0,"parent":0,"menu_order":0,"comment_status":"closed","ping_status":"open","template":"","meta":{"footnotes":""},"yoast_head":"<!-- This site is optimized with the Yoast SEO plugin v22.2 - https:\/\/yoast.com\/wordpress\/plugins\/seo\/ -->\n<title>Nasze biura | Jobzone<\/title>\n<meta name=\"robots\" content=\"index, follow, max-snippet:-1, max-image-preview:large, max-video-preview:-1\" \/>\n<link rel=\"canonical\" href=\"https:\/\/jobzone.se\/pl\/nasze-biura\/\" \/>\n<meta property=\"og:locale\" content=\"pl_PL\" \/>\n<meta property=\"og:type\" content=\"article\" \/>\n<meta property=\"og:title\" content=\"Nasze biura | Jobzone\" \/>\n<meta property=\"og:description\" content=\"Kontakt Jobzone Szwecja Mathias H\u00e4renstam Dyrektor generalny +46 73 417 75 04 mathias.harenstam@jobzone.se Fredrik \u00c5gren Kierownik ds. zasob\u00f3w ludzkich +46 70 77 88 342 fredrik.agren@jobzone.se Kjell Saeter Cfo +46 73 35 69 700 kjell.saeter@jobzone.se Sirinya Sumhiran Mened\u017cer ds. do\u015bwiadcze\u0144 +46 70 167 85 11 sirinya.sumhiran@jobzone.se Davida S\u00f6derstedta Mened\u017cer systemu i szkole\u0144 +46 70 16 78 510 David.soderstedt@jobzone.se Rolf Smeds Zast\u0119pca [&hellip;]\" \/>\n<meta property=\"og:url\" content=\"https:\/\/jobzone.se\/pl\/nasze-biura\/\" \/>\n<meta property=\"og:site_name\" content=\"Jobzone\" \/>\n<meta property=\"article:publisher\" content=\"https:\/\/www.facebook.com\/JobzoneSverige\" \/>\n<meta name=\"twitter:label1\" content=\"Szacowany czas czytania\" \/>\n\t<meta name=\"twitter:data1\" content=\"5 minut\" \/>\n<script type=\"application\/ld+json\" class=\"yoast-schema-graph\">{\"@context\":\"https:\/\/schema.org\",\"@graph\":[{\"@type\":\"WebPage\",\"@id\":\"https:\/\/jobzone.se\/pl\/nasze-biura\/\",\"url\":\"https:\/\/jobzone.se\/pl\/nasze-biura\/\",\"name\":\"Nasze biura | Jobzone\",\"isPartOf\":{\"@id\":\"https:\/\/jobzone.se\/pl\/#website\"},\"datePublished\":\"2019-04-05T11:58:25+00:00\",\"dateModified\":\"2019-04-05T11:58:25+00:00\",\"inLanguage\":\"pl-PL\",\"potentialAction\":[{\"@type\":\"ReadAction\",\"target\":[\"https:\/\/jobzone.se\/pl\/nasze-biura\/\"]}]},{\"@type\":\"WebSite\",\"@id\":\"https:\/\/jobzone.se\/pl\/#website\",\"url\":\"https:\/\/jobzone.se\/pl\/\",\"name\":\"Jobzone\",\"description\":\"Bemanning och Rekryteringsf\u00f6retaget Jobzone i Sverige\",\"publisher\":{\"@id\":\"https:\/\/jobzone.se\/pl\/#organization\"},\"potentialAction\":[{\"@type\":\"SearchAction\",\"target\":{\"@type\":\"EntryPoint\",\"urlTemplate\":\"https:\/\/jobzone.se\/pl\/?s={search_term_string}\"},\"query-input\":\"required name=search_term_string\"}],\"inLanguage\":\"pl-PL\"},{\"@type\":\"Organization\",\"@id\":\"https:\/\/jobzone.se\/pl\/#organization\",\"name\":\"Jobzone\",\"url\":\"https:\/\/jobzone.se\/pl\/\",\"logo\":{\"@type\":\"ImageObject\",\"inLanguage\":\"pl-PL\",\"@id\":\"https:\/\/jobzone.se\/pl\/#\/schema\/logo\/image\/\",\"url\":\"https:\/\/jobzone.se\/wp-content\/uploads\/2019\/02\/jobzone-logo-web.jpg\",\"contentUrl\":\"https:\/\/jobzone.se\/wp-content\/uploads\/2019\/02\/jobzone-logo-web.jpg\",\"width\":145,\"height\":146,\"caption\":\"Jobzone\"},\"image\":{\"@id\":\"https:\/\/jobzone.se\/pl\/#\/schema\/logo\/image\/\"},\"sameAs\":[\"https:\/\/www.facebook.com\/JobzoneSverige\"]}]}<\/script>\n<!-- \/ Yoast SEO plugin. -->","yoast_head_json":{"title":"Nasze biura | Jobzone","robots":{"index":"index","follow":"follow","max-snippet":"max-snippet:-1","max-image-preview":"max-image-preview:large","max-video-preview":"max-video-preview:-1"},"canonical":"https:\/\/jobzone.se\/pl\/nasze-biura\/","og_locale":"pl_PL","og_type":"article","og_title":"Nasze biura | Jobzone","og_description":"Kontakt Jobzone Szwecja Mathias H\u00e4renstam Dyrektor generalny +46 73 417 75 04 mathias.harenstam@jobzone.se Fredrik \u00c5gren Kierownik ds. zasob\u00f3w ludzkich +46 70 77 88 342 fredrik.agren@jobzone.se Kjell Saeter Cfo +46 73 35 69 700 kjell.saeter@jobzone.se Sirinya Sumhiran Mened\u017cer ds. do\u015bwiadcze\u0144 +46 70 167 85 11 sirinya.sumhiran@jobzone.se Davida S\u00f6derstedta Mened\u017cer systemu i szkole\u0144 +46 70 16 78 510 David.soderstedt@jobzone.se Rolf Smeds Zast\u0119pca [&hellip;]","og_url":"https:\/\/jobzone.se\/pl\/nasze-biura\/","og_site_name":"Jobzone","article_publisher":"https:\/\/www.facebook.com\/JobzoneSverige","twitter_misc":{"Szacowany czas czytania":"5 minut"},"schema":{"@context":"https:\/\/schema.org","@graph":[{"@type":"WebPage","@id":"https:\/\/jobzone.se\/pl\/nasze-biura\/","url":"https:\/\/jobzone.se\/pl\/nasze-biura\/","name":"Nasze biura | Jobzone","isPartOf":{"@id":"https:\/\/jobzone.se\/pl\/#website"},"datePublished":"2019-04-05T11:58:25+00:00","dateModified":"2019-04-05T11:58:25+00:00","inLanguage":"pl-PL","potentialAction":[{"@type":"ReadAction","target":["https:\/\/jobzone.se\/pl\/nasze-biura\/"]}]},{"@type":"WebSite","@id":"https:\/\/jobzone.se\/pl\/#website","url":"https:\/\/jobzone.se\/pl\/","name":"Jobzone","description":"Bemanning och Rekryteringsf\u00f6retaget Jobzone i Sverige","publisher":{"@id":"https:\/\/jobzone.se\/pl\/#organization"},"potentialAction":[{"@type":"SearchAction","target":{"@type":"EntryPoint","urlTemplate":"https:\/\/jobzone.se\/pl\/?s={search_term_string}"},"query-input":"required name=search_term_string"}],"inLanguage":"pl-PL"},{"@type":"Organization","@id":"https:\/\/jobzone.se\/pl\/#organization","name":"Jobzone","url":"https:\/\/jobzone.se\/pl\/","logo":{"@type":"ImageObject","inLanguage":"pl-PL","@id":"https:\/\/jobzone.se\/pl\/#\/schema\/logo\/image\/","url":"https:\/\/jobzone.se\/wp-content\/uploads\/2019\/02\/jobzone-logo-web.jpg","contentUrl":"https:\/\/jobzone.se\/wp-content\/uploads\/2019\/02\/jobzone-logo-web.jpg","width":145,"height":146,"caption":"Jobzone"},"image":{"@id":"https:\/\/jobzone.se\/pl\/#\/schema\/logo\/image\/"},"sameAs":["https:\/\/www.facebook.com\/JobzoneSverige"]}]}},"_links":{"self":[{"href":"https:\/\/jobzone.se\/pl\/wp-json\/wp\/v2\/pages\/22414"}],"collection":[{"href":"https:\/\/jobzone.se\/pl\/wp-json\/wp\/v2\/pages"}],"about":[{"href":"https:\/\/jobzone.se\/pl\/wp-json\/wp\/v2\/types\/page"}],"author":[{"embeddable":true,"href":"https:\/\/jobzone.se\/pl\/wp-json\/wp\/v2\/users\/17"}],"replies":[{"embeddable":true,"href":"https:\/\/jobzone.se\/pl\/wp-json\/wp\/v2\/comments?post=22414"}],"version-history":[{"count":0,"href":"https:\/\/jobzone.se\/pl\/wp-json\/wp\/v2\/pages\/22414\/revisions"}],"wp:attachment":[{"href":"https:\/\/jobzone.se\/pl\/wp-json\/wp\/v2\/media?parent=22414"}],"curies":[{"name":"wp","href":"https:\/\/api.w.org\/{rel}","templated":true}]}}